{"id":802,"date":"2025-04-23T00:12:56","date_gmt":"2025-04-22T22:12:56","guid":{"rendered":"https:\/\/uj.dualdur.com\/?page_id=802"},"modified":"2025-11-03T07:24:31","modified_gmt":"2025-11-03T06:24:31","slug":"a-lyme-kor-es-a-diabetesz-kapcsolata","status":"publish","type":"page","link":"https:\/\/uj.dualdur.com\/es\/a-lyme-kor-es-a-diabetesz-kapcsolata\/","title":{"rendered":"La relaci\u00f3n entre la enfermedad de Lyme y la diabetes"},"content":{"rendered":"<div data-elementor-type=\"wp-page\" data-elementor-id=\"802\" class=\"elementor elementor-802\" data-elementor-post-type=\"page\">\n\t\t\t\t<div class=\"elementor-element elementor-element-c18e0de e-con-full e-flex e-con e-parent\" data-id=\"c18e0de\" data-element_type=\"container\" data-settings=\"{&quot;background_background&quot;:&quot;classic&quot;}\">\n\t\t\t\t<div class=\"elementor-element elementor-element-3ef9e74 elementor-align-center elementor-widget elementor-widget-breadcrumbs\" data-id=\"3ef9e74\" data-element_type=\"widget\" data-widget_type=\"breadcrumbs.default\">\n\t\t\t\t<div class=\"elementor-widget-container\">\n\t\t\t\t\t<p id=\"breadcrumbs\"><span><span><a href=\"https:\/\/uj.dualdur.com\/es\/\">Kezd\u0151lap<\/a><\/span><\/span><\/p>\t\t\t\t<\/div>\n\t\t\t\t<\/div>\n\t\t\t\t<\/div>\n\t\t<div class=\"elementor-element elementor-element-927a73d e-flex e-con-boxed e-con e-parent\" data-id=\"927a73d\" data-element_type=\"container\">\n\t\t\t\t\t<div class=\"e-con-inner\">\n\t\t<div class=\"elementor-element elementor-element-dd6fccf e-con-full e-flex e-con e-child\" data-id=\"dd6fccf\" data-element_type=\"container\">\n\t\t\t\t<div class=\"elementor-element elementor-element-79de2d9 elementor-widget elementor-widget-image\" data-id=\"79de2d9\" data-element_type=\"widget\" data-widget_type=\"image.default\">\n\t\t\t\t<div class=\"elementor-widget-container\">\n\t\t\t\t\t\t\t\t\t\t\t\t\t\t\t<img fetchpriority=\"high\" decoding=\"async\" width=\"187\" height=\"300\" src=\"https:\/\/uj.dualdur.com\/wp-content\/uploads\/2025\/04\/pexels-ylanite-koppens-612825-e1701257007910-187x300-1.jpg\" class=\"attachment-large size-large wp-image-801\" alt=\"\" \/>\t\t\t\t\t\t\t\t\t\t\t\t\t\t\t<\/div>\n\t\t\t\t<\/div>\n\t\t\t\t<\/div>\n\t\t<div class=\"elementor-element elementor-element-f9b7456 e-con-full e-flex e-con e-child\" data-id=\"f9b7456\" data-element_type=\"container\">\n\t\t\t\t<div class=\"elementor-element elementor-element-7a1b1cf elementor-widget elementor-widget-heading\" data-id=\"7a1b1cf\" data-element_type=\"widget\" data-widget_type=\"heading.default\">\n\t\t\t\t<div class=\"elementor-widget-container\">\n\t\t\t\t\t<h2 class=\"elementor-heading-title elementor-size-default\">Vajon milyen \u00f6sszef\u00fcgg\u00e9s lehet a Lyme-k\u00f3r autoimmun t\u00fcnetei \u00e9s a diab\u00e9tesz k\u00f6z\u00f6tt?\n<br> <br>\nHogyan nehez\u00edtheti meg a diab\u00e9tesz a Lyme-k\u00f3r gy\u00f3gy\u00edt\u00e1s\u00e1t?<\/h2>\t\t\t\t<\/div>\n\t\t\t\t<\/div>\n\t\t\t\t<div class=\"elementor-element elementor-element-3812c933 elementor-widget elementor-widget-text-editor\" data-id=\"3812c933\" data-element_type=\"widget\" data-widget_type=\"text-editor.default\">\n\t\t\t\t<div class=\"elementor-widget-container\">\n\t\t\t\t\t\t\t\t\t<p>A diab\u00e9tesz h\u00f3nap ok\u00e1n a k\u00f6vetkez\u0151 cikk n\u00e9h\u00e1ny \u00e9rdekes \u00f6sszef\u00fcgg\u00e9st vizsg\u00e1l meg a diab\u00e9tesz \u00e9s egy autoimmun folyamatokat is beind\u00edt\u00f3 fert\u0151z\u00e9s, a Lyme-k\u00f3r k\u00f6z\u00f6tt. Emberekben egyel\u0151re sem az ok-okozati viszonyt, sem a korrel\u00e1ci\u00f3t nem siker\u00fclt kimutatni, de vannak \u00e9rdekes, igazolt \u00f6sszef\u00fcgg\u00e9sek.<\/p><p>Az 1-es t\u00edpus\u00fa diab\u00e9tesz mellitus egy autoimmun betegs\u00e9g, amely a hasny\u00e1lmirigy inzulintermel\u0151 sejtjeit \u00e9rinti, miut\u00e1n egy gyullad\u00e1sos folyamat kr\u00f3nikus inzulinhi\u00e1nyhoz vezet genetikailag \u00e9rz\u00e9keny egy\u00e9nekben. A 2-es t\u00edpus\u00fa diab\u00e9tesz-eseteknek csak egy kis r\u00e9sze vezethet\u0151 vissza autoimmun folyamatokra.<\/p><p>Mivel az autoimmun folyamatok beind\u00edt\u00e1s\u00e1nak pontos ok\u00e1t m\u00e9g egyik t\u00edpus eset\u00e9n sem siker\u00fclt tiszt\u00e1zni, \u00e9rdemes lehet sz\u00e9lesebb k\u00f6rben is megvizsg\u00e1lni olyan egy\u00e9b k\u00f3rokokat, amelyek autoimmun folyamatokat v\u00e1lthatnak ki, p\u00e9ld\u00e1ul egyes fert\u0151z\u00e9sek, \u00edgy a Lyme-k\u00f3r is.<\/p><p class=\"translation-block\">Egyel\u0151re m\u00e9g kev\u00e9s konkr\u00e9t tapasztalat van a Lyme-k\u00f3r \u00e9s a diabetes egy\u00fctt\u00e1ll\u00e1s\u00e1r\u00f3l, legink\u00e1bb olyan esettanulm\u00e1nyokat tal\u00e1lhatunk, amelyek a k\u00e9t betegs\u00e9g t\u00fcneteinek az elk\u00fcl\u00f6n\u00edt\u00e9s\u00e9t t\u00e1rgyalja, esetleg az egyik kiz\u00e1r\u00e1s\u00e1nak \u00e9s a m\u00e1sik kezel\u00e9s\u00e9nek lehet\u0151s\u00e9g\u00e9t. Kev\u00e9s igazolt eset van, ahol mindk\u00e9t \u00e1llapotot siker\u00fclt bizony\u00edtani, ez persze annak is k\u00f6sz\u00f6nhet\u0151, hogy&nbsp;<strong><em>a kezel\u0151orvos nem is k\u00e9r laborat\u00f3riumi tesztet lehets\u00e9ges fert\u0151z\u00e9sekre<\/em>.<\/strong>&nbsp;Amennyiben m\u00e9gis felmer\u00fclne a Lyme-k\u00f3r, az \u00e1ltal\u00e1nosan haszn\u00e1lt Lyme-tesztek csak a fert\u0151z\u00e9sek kevesebb mint fel\u00e9t tudj\u00e1k kimutatni.<\/p><p>Vannak olyan t\u00fcnetegy\u00fcttesek, ahol mindk\u00e9t betegs\u00e9g felmer\u00fclhet, p\u00e9ld\u00e1ul az arcidegb\u00e9nul\u00e1s (Bell par\u00e9zis), a D-vitamin k\u00f6rforg\u00e1s\u00e1nak zavara, kis- \u00e9s nagy\u00edz\u00fcletek mozg\u00e1si korl\u00e1tozotts\u00e1ga, szkleroderma, a hajsz\u00e1lerek gyullad\u00e1sai, szem- \u00e9s l\u00e1t\u00e1sprobl\u00e9m\u00e1k.<\/p><p class=\"translation-block\">Sajnos a diab\u00e9tesz eset\u00e9ben olyan m\u00e9rt\u00e9k\u0171 k\u00e1rosod\u00e1s alakul ki a hasny\u00e1lmirigyben, hogy m\u00e9g az autoimmun folyamat megsz\u0171n\u00e9se eset\u00e9n sem val\u00f3sz\u00edn\u0171, hogy vissza\u00e1llna a teljes funkci\u00f3: sokszor az inzulin-termel\u0151 sejtek 10-20 sz\u00e1zal\u00e9ka \u0151rzi meg funkci\u00f3j\u00e1t. Teh\u00e1t amennyiben az autoimmun-reakci\u00f3 esetlegesen egy fert\u0151z\u00e9s kezel\u00e9se ut\u00e1n meg is sz\u0171nhetne, az inzulintermel\u00e9s m\u00e1r nem val\u00f3sz\u00edn\u0171, hogy vissza\u00e1llna.&nbsp;<strong><em>Ez\u00e9rt fontos, hogy f\u0151k\u00e9nt az 1-es t\u00edpus\u00fa diab\u00e9tesz gyan\u00faja eset\u00e9n azonnal alapos kivizsg\u00e1l\u00e1st kapjon a p\u00e1ciens, \u00e9s az ak\u00e1r kisebb val\u00f3sz\u00edn\u0171s\u00e9g\u0171 h\u00e1tt\u00e9rokokra is gondoljunk.<\/em><\/strong><\/p><p>B\u00e1r diab\u00e9tesz m\u00f6g\u00f6tt megh\u00faz\u00f3d\u00f3 Lyme-k\u00f3r mint ok egyel\u0151re nem bizony\u00edthat\u00f3, egyre t\u00f6bb evidencia van viszont arra, hogy a diab\u00e9tesz, illetve az ennek k\u00f6vetkezt\u00e9ben megn\u00f6vekedett v\u00e9rcukorszint a Lyme borreliosis s\u00falyosbod\u00e1s\u00e1t okozhatja.<\/p><p>Egy friss tanulm\u00e1ny arra v\u00e9gzett laborat\u00f3riumi k\u00eds\u00e9rleteket egereken, hogy az 1-es t\u00edpus\u00fa cukorbetegs\u00e9g eset\u00e9ben is tapasztalt hiperglik\u00e9mia, azaz a magas v\u00e9rcukorszint hogyan hat a Lyme-k\u00f3rt okoz\u00f3 bakt\u00e9riumok ki\u00fcr\u00fcl\u00e9s\u00e9re \u00e9s az azzal kapcsolatos immunreakci\u00f3kra. A bakt\u00e9riumok elpuszt\u00edt\u00e1s\u00e1t az immunrendszerben egy bizonyos fajta feh\u00e9rv\u00e9rsejt, a neutrofil granulocita v\u00e9gzi, valamint ez felel a szervezetben fert\u0151z\u00e9skor kialakul\u00f3 gyullad\u00e1sos folyamatok\u00e9rt. A cukorbetegs\u00e9gben, pontosabban annak 1-es t\u00edpus\u00e1ban (inzulin-el\u00e9gtelens\u00e9g) a neutorfil granulocit\u00e1kra az jellemz\u0151, hogy kev\u00e9sb\u00e9 hat\u00e9konyan tal\u00e1lj\u00e1k meg \u00e9s puszt\u00edtj\u00e1k el a k\u00f3rokoz\u00f3kat, teh\u00e1t funkci\u00f3juk s\u00e9r\u00fclt. Ez azt is jelenti, hogy a k\u00f3rokoz\u00f3k nagyobb r\u00e9sze \u00e9l t\u00fal a szervezetben. A k\u00f3rokoz\u00f3k bizonyos sz\u00f6vetekben \u00e9lnek t\u00fal, jellemz\u0151en az agyban, a sz\u00edvben, a t\u00fcd\u0151ben, a m\u00e1jban \u00e9s a t\u00e9rd\u00edz\u00fcletekben. Mindebb\u0151l az k\u00f6vetkezik, hogy sz\u00fcks\u00e9gszer\u0171 lenne megvizsg\u00e1lni a Borrelia fert\u0151z\u00e9s kimenetel\u00e9re gyakorolt hat\u00e1s\u00e1t az azzal egy\u00fctt fenn\u00e1ll\u00f3 m\u00e1s betegs\u00e9geknek, mint p\u00e9ld\u00e1ul a fent eml\u00edtett cukorbetegs\u00e9gnek is.<\/p><p>Hiperglik\u00e9mi\u00e1t a fenti p\u00e9ld\u00e1n k\u00edv\u00fcl m\u00e1s is okozhat, nem csak a cukorbetegs\u00e9g. A Lyme-k\u00f3r sz\u00e1mos t\u00fcnettel j\u00e1r \u00e9s t\u00f6bb szervrendszert is \u00e9rinthet, p\u00e9ld\u00e1ul a mell\u00e9kves\u00e9t is. A mell\u00e9kvese olyan hormonokat termel, melyek az anyagcser\u00e9nket, immunrendszer\u00fcnket, v\u00e9rnyom\u00e1sunkat \u00e9s a stresszre adott v\u00e1laszunkat szab\u00e1lyozz\u00e1k. A Lyme-k\u00f3r k\u00e1ros\u00edthatja a mell\u00e9kvese szab\u00e1lyoz\u00f3 funkci\u00f3j\u00e1t, ami a v\u00e9rcukorszint kileng\u00e9s\u00e9hez, magas v\u00e9rcukorszinthez (hiperglik\u00e9mia), magas v\u00e9rnyom\u00e1shoz, gyenges\u00e9ghez, hangulati ingadoz\u00e1shoz, depresszi\u00f3hoz \u00e9s autoimmun t\u00fcnetekhez is vezethet. Autoimmun t\u00fcnetek egy\u00e9bk\u00e9nt a cukorbetegs\u00e9g eset\u00e9n is megjelenhetnek. A mell\u00e9kvese k\u00e1rosod\u00e1sa r\u00e9v\u00e9n kialakult hiperglik\u00e9mia miatt nehezebb lehet a t\u00fcnetek kord\u00e1ban tart\u00e1sa \u00e9s maga a gy\u00f3gyul\u00e1s is, ez\u00e9rt nem v\u00e9letlen, hogy sok Lyme betegnek elengedhetetlen a kezel\u00e9si terv\u00e9b\u0151l a szigor\u00fa di\u00e9ta, p\u00e9ld\u00e1ul glut\u00e9nmentes vagy cukor-cs\u00f6kkentett \u00e9trend tart\u00e1sa. \u00c9rdekess\u00e9g, hogy a Lyme-k\u00f3r egyik gyakori t\u00e1rsfert\u0151z\u00e9se, a Babesia-fert\u0151z\u00e9s t\u00fcnetei k\u00f6zt is szerepel a hiperglik\u00e9mia.<\/p><p>A Lyme-k\u00f3r miatt hossz\u00fa ideje fenn\u00e1ll\u00f3 gyullad\u00e1s a szervezetben nagym\u00e9rt\u00e9k\u0171 s\u00falycs\u00f6kken\u00e9st\/s\u00falygyarapod\u00e1st is okozhat, ami szint\u00e9n k\u00f3ros hat\u00e1ssal van a v\u00e9rcukorszintre.<\/p><p>A Canadian Institutes of Health Research \u00e1ltal t\u00e1mogatott kutat\u00e1s, melyet a University of Toronto egyik munkat\u00e1rsa v\u00e9gzett 2013-ban, hasonl\u00f3 t\u00e9mak\u00f6rt vizsg\u00e1lt, mint az els\u0151 tanulm\u00e1ny, csak egy kicsit m\u00e1s szemsz\u00f6gb\u0151l. Ebben a projektben azt n\u00e9zt\u00e9k, hogy a Borrelia fert\u0151z\u00e9s hat\u00e1s\u00e1ra megemelkedett v\u00e9rcukorszint vajon ront-e a Lyme arthritis t\u00fcnetein, illetve, hogy a v\u00e9rcukorszint inzulinnal t\u00f6rt\u00e9n\u0151 kontrollja cs\u00f6kkenti-e a Lyme arthritis s\u00falyoss\u00e1g\u00e1t.<\/p><p>A Lyme-k\u00f3r, vagyis a Borrelia-fert\u0151z\u00e9s \u00f6nmag\u00e1ban is v\u00e1ltozatos t\u00fcnetekkel j\u00e1rhat egy\u00fctt, amit tov\u00e1bb bonyol\u00edtanak a vele egy\u00fctt fenn\u00e1ll\u00f3 egy\u00e9b betegs\u00e9gek \u00e1ltal produk\u00e1lt t\u00fcnetek. Fontos, hogy ezeknek a betegs\u00e9geknek a keresztreakci\u00f3t \u00e9s Lyme-ra kifejtett hat\u00e1s\u00e1t is megvizsg\u00e1ljuk, hiszen min\u00e9l jobban \u00e9rtj\u00fck egy betegs\u00e9g patol\u00f3gi\u00e1j\u00e1t, ann\u00e1l hat\u00e9konyabban tudjuk kezelni azt.<\/p>\t\t\t\t\t\t\t\t<\/div>\n\t\t\t\t<\/div>\n\t\t\t\t<\/div>\n\t\t\t\t\t<\/div>\n\t\t\t\t<\/div>\n\t\t\t\t<\/div>","protected":false},"excerpt":{"rendered":"<p>Vajon milyen \u00f6sszef\u00fcgg\u00e9s lehet a Lyme-k\u00f3r autoimmun t\u00fcnetei \u00e9s a diab\u00e9tesz k\u00f6z\u00f6tt? Hogyan nehez\u00edtheti meg a diab\u00e9tesz a Lyme-k\u00f3r gy\u00f3gy\u00edt\u00e1s\u00e1t? A diab\u00e9tesz h\u00f3nap ok\u00e1n a k\u00f6vetkez\u0151 cikk n\u00e9h\u00e1ny \u00e9rdekes \u00f6sszef\u00fcgg\u00e9st vizsg\u00e1l meg a diab\u00e9tesz \u00e9s egy autoimmun folyamatokat is beind\u00edt\u00f3 fert\u0151z\u00e9s, a Lyme-k\u00f3r k\u00f6z\u00f6tt. Emberekben egyel\u0151re sem az ok-okozati viszonyt, sem a korrel\u00e1ci\u00f3t nem siker\u00fclt [&hellip;]<\/p>","protected":false},"author":1,"featured_media":0,"parent":0,"menu_order":0,"comment_status":"closed","ping_status":"closed","template":"","meta":{"footnotes":""},"class_list":["post-802","page","type-page","status-publish","hentry"],"yoast_head":"<!-- This site is optimized with the Yoast SEO Premium plugin v26.2 (Yoast SEO v26.5) - https:\/\/yoast.com\/wordpress\/plugins\/seo\/ -->\n<title>A lyme-k\u00f3r \u00e9s a diab\u00e9tesz kapcsolata - DualDur<\/title>\n<meta name=\"robots\" content=\"noindex, follow, max-snippet:-1, max-image-preview:large, max-video-preview:-1\" \/>\n<meta property=\"og:locale\" content=\"es_ES\" \/>\n<meta property=\"og:type\" content=\"article\" \/>\n<meta property=\"og:title\" content=\"A lyme-k\u00f3r \u00e9s a diab\u00e9tesz kapcsolata\" \/>\n<meta property=\"og:description\" content=\"Vajon milyen \u00f6sszef\u00fcgg\u00e9s lehet a Lyme-k\u00f3r autoimmun t\u00fcnetei \u00e9s a diab\u00e9tesz k\u00f6z\u00f6tt? Hogyan nehez\u00edtheti meg a diab\u00e9tesz a Lyme-k\u00f3r gy\u00f3gy\u00edt\u00e1s\u00e1t? A diab\u00e9tesz h\u00f3nap ok\u00e1n a k\u00f6vetkez\u0151 cikk n\u00e9h\u00e1ny \u00e9rdekes \u00f6sszef\u00fcgg\u00e9st vizsg\u00e1l meg a diab\u00e9tesz \u00e9s egy autoimmun folyamatokat is beind\u00edt\u00f3 fert\u0151z\u00e9s, a Lyme-k\u00f3r k\u00f6z\u00f6tt. Emberekben egyel\u0151re sem az ok-okozati viszonyt, sem a korrel\u00e1ci\u00f3t nem siker\u00fclt [&hellip;]\" \/>\n<meta property=\"og:url\" content=\"https:\/\/uj.dualdur.com\/es\/a-lyme-kor-es-a-diabetesz-kapcsolata\/\" \/>\n<meta property=\"og:site_name\" content=\"DualDur\" \/>\n<meta property=\"article:modified_time\" content=\"2025-11-03T06:24:31+00:00\" \/>\n<meta property=\"og:image\" content=\"https:\/\/uj.dualdur.com\/wp-content\/uploads\/2025\/04\/pexels-ylanite-koppens-612825-e1701257007910-187x300-1.jpg\" \/>\n\t<meta property=\"og:image:width\" content=\"187\" \/>\n\t<meta property=\"og:image:height\" content=\"300\" \/>\n\t<meta property=\"og:image:type\" content=\"image\/jpeg\" \/>\n<meta name=\"twitter:card\" content=\"summary_large_image\" \/>\n<meta name=\"twitter:label1\" content=\"Tiempo de lectura\" \/>\n\t<meta name=\"twitter:data1\" content=\"5 minutos\" \/>\n<script type=\"application\/ld+json\" class=\"yoast-schema-graph\">{\"@context\":\"https:\/\/schema.org\",\"@graph\":[{\"@type\":\"WebPage\",\"@id\":\"https:\/\/uj.dualdur.com\/a-lyme-kor-es-a-diabetesz-kapcsolata\/\",\"url\":\"https:\/\/uj.dualdur.com\/a-lyme-kor-es-a-diabetesz-kapcsolata\/\",\"name\":\"A lyme-k\u00f3r \u00e9s a diab\u00e9tesz kapcsolata - DualDur\",\"isPartOf\":{\"@id\":\"https:\/\/uj.dualdur.com\/#website\"},\"primaryImageOfPage\":{\"@id\":\"https:\/\/uj.dualdur.com\/a-lyme-kor-es-a-diabetesz-kapcsolata\/#primaryimage\"},\"image\":{\"@id\":\"https:\/\/uj.dualdur.com\/a-lyme-kor-es-a-diabetesz-kapcsolata\/#primaryimage\"},\"thumbnailUrl\":\"https:\/\/uj.dualdur.com\/wp-content\/uploads\/2025\/04\/pexels-ylanite-koppens-612825-e1701257007910-187x300-1.jpg\",\"datePublished\":\"2025-04-22T22:12:56+00:00\",\"dateModified\":\"2025-11-03T06:24:31+00:00\",\"breadcrumb\":{\"@id\":\"https:\/\/uj.dualdur.com\/a-lyme-kor-es-a-diabetesz-kapcsolata\/#breadcrumb\"},\"inLanguage\":\"es\",\"potentialAction\":[{\"@type\":\"ReadAction\",\"target\":[\"https:\/\/uj.dualdur.com\/a-lyme-kor-es-a-diabetesz-kapcsolata\/\"]}]},{\"@type\":\"ImageObject\",\"inLanguage\":\"es\",\"@id\":\"https:\/\/uj.dualdur.com\/a-lyme-kor-es-a-diabetesz-kapcsolata\/#primaryimage\",\"url\":\"https:\/\/uj.dualdur.com\/wp-content\/uploads\/2025\/04\/pexels-ylanite-koppens-612825-e1701257007910-187x300-1.jpg\",\"contentUrl\":\"https:\/\/uj.dualdur.com\/wp-content\/uploads\/2025\/04\/pexels-ylanite-koppens-612825-e1701257007910-187x300-1.jpg\"},{\"@type\":\"BreadcrumbList\",\"@id\":\"https:\/\/uj.dualdur.com\/a-lyme-kor-es-a-diabetesz-kapcsolata\/#breadcrumb\",\"itemListElement\":[{\"@type\":\"ListItem\",\"position\":1,\"name\":\"Kezd\u0151lap\",\"item\":\"https:\/\/uj.dualdur.com\/\"},{\"@type\":\"ListItem\",\"position\":2,\"name\":\"A lyme-k\u00f3r \u00e9s a diab\u00e9tesz kapcsolata\"}]},{\"@type\":\"WebSite\",\"@id\":\"https:\/\/uj.dualdur.com\/#website\",\"url\":\"https:\/\/uj.dualdur.com\/\",\"name\":\"DualDur\",\"description\":\"\",\"publisher\":{\"@id\":\"https:\/\/uj.dualdur.com\/#organization\"},\"potentialAction\":[{\"@type\":\"SearchAction\",\"target\":{\"@type\":\"EntryPoint\",\"urlTemplate\":\"https:\/\/uj.dualdur.com\/?s={search_term_string}\"},\"query-input\":{\"@type\":\"PropertyValueSpecification\",\"valueRequired\":true,\"valueName\":\"search_term_string\"}}],\"inLanguage\":\"es\"},{\"@type\":\"Organization\",\"@id\":\"https:\/\/uj.dualdur.com\/#organization\",\"name\":\"DualDur\",\"url\":\"https:\/\/uj.dualdur.com\/\",\"logo\":{\"@type\":\"ImageObject\",\"inLanguage\":\"es\",\"@id\":\"https:\/\/uj.dualdur.com\/#\/schema\/logo\/image\/\",\"url\":\"https:\/\/uj.dualdur.com\/wp-content\/uploads\/2025\/03\/dualdur-logo.png\",\"contentUrl\":\"https:\/\/uj.dualdur.com\/wp-content\/uploads\/2025\/03\/dualdur-logo.png\",\"width\":224,\"height\":56,\"caption\":\"DualDur\"},\"image\":{\"@id\":\"https:\/\/uj.dualdur.com\/#\/schema\/logo\/image\/\"}}]}<\/script>\n<!-- \/ Yoast SEO Premium plugin. -->","yoast_head_json":{"title":"A lyme-k\u00f3r \u00e9s a diab\u00e9tesz kapcsolata - DualDur","robots":{"index":"noindex","follow":"follow","max-snippet":"max-snippet:-1","max-image-preview":"max-image-preview:large","max-video-preview":"max-video-preview:-1"},"og_locale":"es_ES","og_type":"article","og_title":"A lyme-k\u00f3r \u00e9s a diab\u00e9tesz kapcsolata","og_description":"Vajon milyen \u00f6sszef\u00fcgg\u00e9s lehet a Lyme-k\u00f3r autoimmun t\u00fcnetei \u00e9s a diab\u00e9tesz k\u00f6z\u00f6tt? Hogyan nehez\u00edtheti meg a diab\u00e9tesz a Lyme-k\u00f3r gy\u00f3gy\u00edt\u00e1s\u00e1t? A diab\u00e9tesz h\u00f3nap ok\u00e1n a k\u00f6vetkez\u0151 cikk n\u00e9h\u00e1ny \u00e9rdekes \u00f6sszef\u00fcgg\u00e9st vizsg\u00e1l meg a diab\u00e9tesz \u00e9s egy autoimmun folyamatokat is beind\u00edt\u00f3 fert\u0151z\u00e9s, a Lyme-k\u00f3r k\u00f6z\u00f6tt. Emberekben egyel\u0151re sem az ok-okozati viszonyt, sem a korrel\u00e1ci\u00f3t nem siker\u00fclt [&hellip;]","og_url":"https:\/\/uj.dualdur.com\/es\/a-lyme-kor-es-a-diabetesz-kapcsolata\/","og_site_name":"DualDur","article_modified_time":"2025-11-03T06:24:31+00:00","og_image":[{"width":187,"height":300,"url":"https:\/\/uj.dualdur.com\/wp-content\/uploads\/2025\/04\/pexels-ylanite-koppens-612825-e1701257007910-187x300-1.jpg","type":"image\/jpeg"}],"twitter_card":"summary_large_image","twitter_misc":{"Tiempo de lectura":"5 minutos"},"schema":{"@context":"https:\/\/schema.org","@graph":[{"@type":"WebPage","@id":"https:\/\/uj.dualdur.com\/a-lyme-kor-es-a-diabetesz-kapcsolata\/","url":"https:\/\/uj.dualdur.com\/a-lyme-kor-es-a-diabetesz-kapcsolata\/","name":"A lyme-k\u00f3r \u00e9s a diab\u00e9tesz kapcsolata - DualDur","isPartOf":{"@id":"https:\/\/uj.dualdur.com\/#website"},"primaryImageOfPage":{"@id":"https:\/\/uj.dualdur.com\/a-lyme-kor-es-a-diabetesz-kapcsolata\/#primaryimage"},"image":{"@id":"https:\/\/uj.dualdur.com\/a-lyme-kor-es-a-diabetesz-kapcsolata\/#primaryimage"},"thumbnailUrl":"https:\/\/uj.dualdur.com\/wp-content\/uploads\/2025\/04\/pexels-ylanite-koppens-612825-e1701257007910-187x300-1.jpg","datePublished":"2025-04-22T22:12:56+00:00","dateModified":"2025-11-03T06:24:31+00:00","breadcrumb":{"@id":"https:\/\/uj.dualdur.com\/a-lyme-kor-es-a-diabetesz-kapcsolata\/#breadcrumb"},"inLanguage":"es","potentialAction":[{"@type":"ReadAction","target":["https:\/\/uj.dualdur.com\/a-lyme-kor-es-a-diabetesz-kapcsolata\/"]}]},{"@type":"ImageObject","inLanguage":"es","@id":"https:\/\/uj.dualdur.com\/a-lyme-kor-es-a-diabetesz-kapcsolata\/#primaryimage","url":"https:\/\/uj.dualdur.com\/wp-content\/uploads\/2025\/04\/pexels-ylanite-koppens-612825-e1701257007910-187x300-1.jpg","contentUrl":"https:\/\/uj.dualdur.com\/wp-content\/uploads\/2025\/04\/pexels-ylanite-koppens-612825-e1701257007910-187x300-1.jpg"},{"@type":"BreadcrumbList","@id":"https:\/\/uj.dualdur.com\/a-lyme-kor-es-a-diabetesz-kapcsolata\/#breadcrumb","itemListElement":[{"@type":"ListItem","position":1,"name":"Kezd\u0151lap","item":"https:\/\/uj.dualdur.com\/"},{"@type":"ListItem","position":2,"name":"A lyme-k\u00f3r \u00e9s a diab\u00e9tesz kapcsolata"}]},{"@type":"WebSite","@id":"https:\/\/uj.dualdur.com\/#website","url":"https:\/\/uj.dualdur.com\/","name":"DualDur","description":"","publisher":{"@id":"https:\/\/uj.dualdur.com\/#organization"},"potentialAction":[{"@type":"SearchAction","target":{"@type":"EntryPoint","urlTemplate":"https:\/\/uj.dualdur.com\/?s={search_term_string}"},"query-input":{"@type":"PropertyValueSpecification","valueRequired":true,"valueName":"search_term_string"}}],"inLanguage":"es"},{"@type":"Organization","@id":"https:\/\/uj.dualdur.com\/#organization","name":"DualDur","url":"https:\/\/uj.dualdur.com\/","logo":{"@type":"ImageObject","inLanguage":"es","@id":"https:\/\/uj.dualdur.com\/#\/schema\/logo\/image\/","url":"https:\/\/uj.dualdur.com\/wp-content\/uploads\/2025\/03\/dualdur-logo.png","contentUrl":"https:\/\/uj.dualdur.com\/wp-content\/uploads\/2025\/03\/dualdur-logo.png","width":224,"height":56,"caption":"DualDur"},"image":{"@id":"https:\/\/uj.dualdur.com\/#\/schema\/logo\/image\/"}}]}},"_links":{"self":[{"href":"https:\/\/uj.dualdur.com\/es\/wp-json\/wp\/v2\/pages\/802","targetHints":{"allow":["GET"]}}],"collection":[{"href":"https:\/\/uj.dualdur.com\/es\/wp-json\/wp\/v2\/pages"}],"about":[{"href":"https:\/\/uj.dualdur.com\/es\/wp-json\/wp\/v2\/types\/page"}],"author":[{"embeddable":true,"href":"https:\/\/uj.dualdur.com\/es\/wp-json\/wp\/v2\/users\/1"}],"replies":[{"embeddable":true,"href":"https:\/\/uj.dualdur.com\/es\/wp-json\/wp\/v2\/comments?post=802"}],"version-history":[{"count":20,"href":"https:\/\/uj.dualdur.com\/es\/wp-json\/wp\/v2\/pages\/802\/revisions"}],"predecessor-version":[{"id":1691,"href":"https:\/\/uj.dualdur.com\/es\/wp-json\/wp\/v2\/pages\/802\/revisions\/1691"}],"wp:attachment":[{"href":"https:\/\/uj.dualdur.com\/es\/wp-json\/wp\/v2\/media?parent=802"}],"curies":[{"name":"wp","href":"https:\/\/api.w.org\/{rel}","templated":true}]}}