{"id":797,"date":"2025-04-23T00:08:54","date_gmt":"2025-04-22T22:08:54","guid":{"rendered":"https:\/\/uj.dualdur.com\/?page_id=797"},"modified":"2025-11-03T07:29:34","modified_gmt":"2025-11-03T06:29:34","slug":"lyme-folt-tenyek-es-tevhitek","status":"publish","type":"page","link":"https:\/\/uj.dualdur.com\/es\/lyme-folt-tenyek-es-tevhitek\/","title":{"rendered":"Erupci\u00f3n de Lyme: hechos y conceptos err\u00f3neos"},"content":{"rendered":"<div data-elementor-type=\"wp-page\" data-elementor-id=\"797\" class=\"elementor elementor-797\" data-elementor-post-type=\"page\">\n\t\t\t\t<div class=\"elementor-element elementor-element-ee833f9 e-con-full e-flex e-con e-parent\" data-id=\"ee833f9\" data-element_type=\"container\" data-settings=\"{&quot;background_background&quot;:&quot;classic&quot;}\">\n\t\t\t\t<div class=\"elementor-element elementor-element-a764b96 elementor-align-center elementor-widget elementor-widget-breadcrumbs\" data-id=\"a764b96\" data-element_type=\"widget\" data-widget_type=\"breadcrumbs.default\">\n\t\t\t\t<div class=\"elementor-widget-container\">\n\t\t\t\t\t<p id=\"breadcrumbs\"><span><span><a href=\"https:\/\/uj.dualdur.com\/es\/\">Kezd\u0151lap<\/a><\/span><\/span><\/p>\t\t\t\t<\/div>\n\t\t\t\t<\/div>\n\t\t\t\t<\/div>\n\t\t<div class=\"elementor-element elementor-element-71dbacbe e-flex e-con-boxed e-con e-parent\" data-id=\"71dbacbe\" data-element_type=\"container\">\n\t\t\t\t\t<div class=\"e-con-inner\">\n\t\t\t\t<div class=\"elementor-element elementor-element-0b6791d elementor-widget elementor-widget-heading\" data-id=\"0b6791d\" data-element_type=\"widget\" data-widget_type=\"heading.default\">\n\t\t\t\t<div class=\"elementor-widget-container\">\n\t\t\t\t\t<h2 class=\"elementor-heading-title elementor-size-default\">Mikor alakul ki az Erythema migrans, a b\u0151r\u00f6n k\u00f6rk\u00f6r\u00f6sen terjed\u0151 b\u0151rp\u00edr, kok\u00e1rda-szer\u0171 piros folt?<\/h2>\t\t\t\t<\/div>\n\t\t\t\t<\/div>\n\t\t<div class=\"elementor-element elementor-element-b73ec91 e-con-full e-flex e-con e-child\" data-id=\"b73ec91\" data-element_type=\"container\">\n\t\t\t\t<div class=\"elementor-element elementor-element-148183d e-n-tabs-mobile elementor-widget elementor-widget-n-tabs\" data-id=\"148183d\" data-element_type=\"widget\" data-widget_type=\"nested-tabs.default\">\n\t\t\t\t<div class=\"elementor-widget-container\">\n\t\t\t\t\t\t\t<div class=\"e-n-tabs\" data-widget-number=\"21502013\" aria-label=\"Tabs. Open items with Enter or Space, close with Escape and navigate using the Arrow keys.\">\n\t\t\t<div class=\"e-n-tabs-heading\" role=\"tablist\">\n\t\t\t\t\t<button id=\"e-n-tab-title-215020131\" data-tab-title-id=\"e-n-tab-title-215020131\" class=\"e-n-tab-title\" aria-selected=\"true\" data-tab-index=\"1\" role=\"tab\" tabindex=\"0\" aria-controls=\"e-n-tab-content-215020131\" style=\"--n-tabs-title-order: 1;\">\n\t\t\t\t\t\t<span class=\"e-n-tab-title-text\">\n\t\t\t\tDefin\u00edci\u00f3\t\t\t<\/span>\n\t\t<\/button>\n\t\t\t\t<button id=\"e-n-tab-title-215020132\" data-tab-title-id=\"e-n-tab-title-215020132\" class=\"e-n-tab-title\" aria-selected=\"false\" data-tab-index=\"2\" role=\"tab\" tabindex=\"-1\" aria-controls=\"e-n-tab-content-215020132\" style=\"--n-tabs-title-order: 2;\">\n\t\t\t\t\t\t<span class=\"e-n-tab-title-text\">\n\t\t\t\tEl\u0151fordul\u00e1sa\t\t\t<\/span>\n\t\t<\/button>\n\t\t\t\t<button id=\"e-n-tab-title-215020133\" data-tab-title-id=\"e-n-tab-title-215020133\" class=\"e-n-tab-title\" aria-selected=\"false\" data-tab-index=\"3\" role=\"tab\" tabindex=\"-1\" aria-controls=\"e-n-tab-content-215020133\" style=\"--n-tabs-title-order: 3;\">\n\t\t\t\t\t\t<span class=\"e-n-tab-title-text\">\n\t\t\t\tDiagn\u00f3zis\t\t\t<\/span>\n\t\t<\/button>\n\t\t\t\t<button id=\"e-n-tab-title-215020134\" data-tab-title-id=\"e-n-tab-title-215020134\" class=\"e-n-tab-title\" aria-selected=\"false\" data-tab-index=\"4\" role=\"tab\" tabindex=\"-1\" aria-controls=\"e-n-tab-content-215020134\" style=\"--n-tabs-title-order: 4;\">\n\t\t\t\t\t\t<span class=\"e-n-tab-title-text\">\n\t\t\t\tLaborat\u00f3riumi tesztel\u00e9s\t\t\t<\/span>\n\t\t<\/button>\n\t\t\t\t\t<\/div>\n\t\t\t<div class=\"e-n-tabs-content\">\n\t\t\t\t<div id=\"e-n-tab-content-215020131\" role=\"tabpanel\" aria-labelledby=\"e-n-tab-title-215020131\" data-tab-index=\"1\" style=\"--n-tabs-title-order: 1;\" class=\"e-active elementor-element elementor-element-7613d1b e-con-full e-flex e-con e-child\" data-id=\"7613d1b\" data-element_type=\"container\" data-settings=\"{&quot;background_background&quot;:&quot;classic&quot;}\">\n\t\t\t\t<div class=\"elementor-element elementor-element-78d9184 elementor-widget elementor-widget-text-editor\" data-id=\"78d9184\" data-element_type=\"widget\" data-widget_type=\"text-editor.default\">\n\t\t\t\t<div class=\"elementor-widget-container\">\n\t\t\t\t\t\t\t\t\t<p><strong>Defin\u00edci\u00f3:<\/strong><\/p><p>Erythema migrans. A b\u0151r\u00f6n k\u00f6rk\u00f6r\u00f6sen terjed\u0151 b\u0151rp\u00edr, kok\u00e1rda-szer\u0171 piros folt. Lyme-folt. \u00a0A Lyme borreliosis fert\u0151z\u00e9s egyik legbiztosabb jele.<\/p>\t\t\t\t\t\t\t\t<\/div>\n\t\t\t\t<\/div>\n\t\t\t\t<\/div>\n\t\t<div id=\"e-n-tab-content-215020132\" role=\"tabpanel\" aria-labelledby=\"e-n-tab-title-215020132\" data-tab-index=\"2\" style=\"--n-tabs-title-order: 2;\" class=\"elementor-element elementor-element-cbb821d e-con-full e-flex e-con e-child\" data-id=\"cbb821d\" data-element_type=\"container\" data-settings=\"{&quot;background_background&quot;:&quot;classic&quot;}\">\n\t\t\t\t<div class=\"elementor-element elementor-element-4294e13 elementor-widget elementor-widget-text-editor\" data-id=\"4294e13\" data-element_type=\"widget\" data-widget_type=\"text-editor.default\">\n\t\t\t\t<div class=\"elementor-widget-container\">\n\t\t\t\t\t\t\t\t\t<p>B\u00e1r nem minden Lyme-k\u00f3rban szenved\u0151 embern\u00e9l jelentkezik erythema migrans, felismer\u00e9se a korai diagn\u00f3zis \u00e9s kezel\u00e9s fontos eleme. Azonban tudnunk kell: az erythema migrans nem mindig alakul ki! A kutat\u00e1sok szerint az esetek 30-50 sz\u00e1zal\u00e9k\u00e1ban fordul el\u0151, r\u00e1ad\u00e1sul nem csak a cs\u00edp\u00e9s hely\u00e9n, hanem a b\u0151rfel\u00fclet m\u00e1s r\u00e9sz\u00e9n is megjelenhet. Az amerikai CDC Lyme carditis kutat\u00e1sa szerint a vizsg\u00e1latban r\u00e9sztvev\u0151 betegek csup\u00e1n 42 sz\u00e1zal\u00e9k\u00e1n\u00e1l ismertek fel erythema migranst. Az Egyes\u00fclt Kir\u00e1lys\u00e1gban v\u00e9gzett felm\u00e9r\u00e9sek szerint a Lyme-k\u00f3ros betegek harmada nem fedezett fel mag\u00e1n b\u0151rki\u00fct\u00e9st. Akin\u00e9l viszont megjelenik az erythema migrans, ann\u00e1l \u00e9rdemes azonnal gyanakodni \u00e9s megfelel\u0151, lehet\u0151s\u00e9g szerint direkt tesztet csin\u00e1ltatni.<\/p>\t\t\t\t\t\t\t\t<\/div>\n\t\t\t\t<\/div>\n\t\t\t\t<\/div>\n\t\t<div id=\"e-n-tab-content-215020133\" role=\"tabpanel\" aria-labelledby=\"e-n-tab-title-215020133\" data-tab-index=\"3\" style=\"--n-tabs-title-order: 3;\" class=\"elementor-element elementor-element-d61eb44 e-con-full e-flex e-con e-child\" data-id=\"d61eb44\" data-element_type=\"container\" data-settings=\"{&quot;background_background&quot;:&quot;classic&quot;}\">\n\t\t\t\t<div class=\"elementor-element elementor-element-ba731c5 elementor-widget elementor-widget-text-editor\" data-id=\"ba731c5\" data-element_type=\"widget\" data-widget_type=\"text-editor.default\">\n\t\t\t\t<div class=\"elementor-widget-container\">\n\t\t\t\t\t\t\t\t\t<p>Kullancs-cs\u00edp\u00e9s ut\u00e1n 1-3 h\u00e9ttel jelentkez\u0151 b\u0151relv\u00e1ltoz\u00e1s, mely legt\u00f6bbsz\u00f6r a cs\u00edp\u00e9s hely\u00e9n alakul ki. Koncentrikusan n\u00f6vekv\u0151 v\u00f6r\u00f6s b\u0151rp\u00edr, melynek centr\u00e1lis r\u00e9sze id\u0151vel feltisztul, ez\u00e9rt h\u00edvj\u00e1k kok\u00e1rda-szer\u0171 foltnak. Fontos jellemz\u0151je, hogy sosem emelkedik ki a b\u0151r felsz\u00edn\u00e9r\u0151l.<\/p><p>Az erythema migrans form\u00e1ja nem felt\u00e9tlen\u00fcl k\u00f6r alak\u00fa, lehet ov\u00e1lis vagy hossz\u00fak\u00e1s form\u00e1j\u00fa is, de ett\u0151l m\u00e9g \u00e9rdemes kullancs-cs\u00edp\u00e9sre gyanakodni. S\u0151t, a b\u0151rp\u00edr ak\u00e1r 40 cm \u00e1tm\u00e9r\u0151j\u0171v\u00e9 is v\u00e1lhat, diff\u00faz k\u00f6rvonalakkal. Elk\u00e9pzelhet\u0151, hogy a testen nem egyetlen, hanem t\u00f6bb erythema migrans jelenik meg.<\/p><p>A Lyme-folt term\u00e9szetesen nem csak megjelenhet, hanem n\u00e9h\u00e1ny nap alatt el is t\u0171nhet test\u00fcnkr\u0151l. Ez persze egy\u00e1ltal\u00e1n nem jelenti azt, hogy a k\u00f3rokoz\u00f3 elt\u0171nt a szervezetb\u0151l, a fert\u0151z\u00e9s ugyan\u00fagy fenn\u00e1llhat \u2013 amelyr\u0151l a leggyorsabb \u00e9s legpontosabb eredm\u00e9nyt direkt teszttel kaphatunk. A betegs\u00e9g kezel\u00e9s\u00e9nek a c\u00e9lja teh\u00e1t nem csup\u00e1n a b\u0151rp\u00edr elt\u00fcntet\u00e9se, hanem a fert\u0151z\u00e9snek, vagyis mag\u00e1nak a k\u00f3rokoz\u00f3nak az elt\u00e1vol\u00edt\u00e1sa.<\/p><p>Fontos akkor is gyanakodni, amikor az erythema migrans nem t\u00f6k\u00e9letesen piros, hanem v\u00f6r\u00f6sesebb sz\u00edn\u0171 vagy k\u00e9k-piros, \u00e9s nem mindig k\u00f6r alak\u00fa, hanem esetleg ov\u00e1lis form\u00e1j\u00fa. A b\u0151relv\u00e1ltoz\u00e1s jellemz\u0151je, hogy m\u00e9rete t\u00f6bb napon kereszt\u00fcl n\u00f6vekszik, esetleg h\u00f3lyagok j\u00f6hetnek l\u00e9tre a folt k\u00f6zep\u00e9n \u2013 b\u00e1r ez ritk\u00e1bban fordul el\u0151.<\/p>\t\t\t\t\t\t\t\t<\/div>\n\t\t\t\t<\/div>\n\t\t\t\t<\/div>\n\t\t<div id=\"e-n-tab-content-215020134\" role=\"tabpanel\" aria-labelledby=\"e-n-tab-title-215020134\" data-tab-index=\"4\" style=\"--n-tabs-title-order: 4;\" class=\"elementor-element elementor-element-b9fdbcf e-con-full e-flex e-con e-child\" data-id=\"b9fdbcf\" data-element_type=\"container\" data-settings=\"{&quot;background_background&quot;:&quot;classic&quot;}\">\n\t\t\t\t<div class=\"elementor-element elementor-element-5119d84 elementor-widget elementor-widget-text-editor\" data-id=\"5119d84\" data-element_type=\"widget\" data-widget_type=\"text-editor.default\">\n\t\t\t\t<div class=\"elementor-widget-container\">\n\t\t\t\t\t\t\t\t\t<p>A fert\u0151z\u00e9s korai jeleinek, \u00edgy a Lyme-folt megjelen\u00e9s\u00e9nek eset\u00e9n a DualDur a legalkamasabb laborat\u00f3riumi teszt. Ez annak k\u00f6sz\u00f6nhet\u0151, hogy a teljes, m\u00e9rhet\u0151 immunv\u00e1lasz kialakul\u00e1sa ak\u00e1r hetekig is eltarthat, \u00edgy a szerol\u00f3giai tesztek, ELISA, Western blot, Immunoblot, ELISpot, stb. nem alkalmasak a laborat\u00f3riumi diagn\u00f3zisra. A fert\u0151z\u00e9s viszont n\u00e9h\u00e1ny nap alatt el\u00e9ri a k\u00fcl\u00f6nb\u0151z\u0151 szerveket \u00e9s a bakt\u00e9riumok sz\u00e1ma is el\u00e9ri maximum\u00e1t, ez\u00e9rt egy direkt v\u00e9rvizsg\u00e1lat, mint a DualDur seg\u00edthet a teljes bizonyoss\u00e1gban, illetve a kezel\u00e9s el\u0151tti st\u00e1diumot tudja r\u00f6gz\u00edteni.<\/p><p>A szerol\u00f3giai vizsg\u00e1latok k\u00f6z\u00fcl a B\u00f3zsik Western blot alkalmas arra is, hogy egy esetleges kor\u00e1bbi fert\u0151z\u00e9sre adott immunv\u00e1laszt elk\u00fcl\u00f6n\u00edtsen a friss fert\u0151z\u00e9sre k\u00e9s\u0151bb kialakul\u00f3t\u00f3l. \u00cdgy egy azonnali vizsg\u00e1lat eredm\u00e9nyeit egy k\u00e9s\u0151bbi id\u0151pontban \u00e9s a kezel\u00e9s ut\u00e1n megism\u00e9telt vizsg\u00e1lattal \u00f6sszehasonl\u00edtva hasznos inform\u00e1ci\u00f3t ad orvosa sz\u00e1m\u00e1ra.<\/p>\t\t\t\t\t\t\t\t<\/div>\n\t\t\t\t<\/div>\n\t\t\t\t<\/div>\n\t\t\t\t\t<\/div>\n\t\t<\/div>\n\t\t\t\t\t\t<\/div>\n\t\t\t\t<\/div>\n\t\t\t\t<\/div>\n\t\t\t\t\t<\/div>\n\t\t\t\t<\/div>\n\t\t\t\t<\/div>","protected":false},"excerpt":{"rendered":"<p>Mikor alakul ki az Erythema migrans, a b\u0151r\u00f6n k\u00f6rk\u00f6r\u00f6sen terjed\u0151 b\u0151rp\u00edr, kok\u00e1rda-szer\u0171 piros folt? Defin\u00edci\u00f3 El\u0151fordul\u00e1sa Diagn\u00f3zis Laborat\u00f3riumi tesztel\u00e9s Defin\u00edci\u00f3: Erythema migrans. A b\u0151r\u00f6n k\u00f6rk\u00f6r\u00f6sen terjed\u0151 b\u0151rp\u00edr, kok\u00e1rda-szer\u0171 piros folt. Lyme-folt. \u00a0A Lyme borreliosis fert\u0151z\u00e9s egyik legbiztosabb jele. B\u00e1r nem minden Lyme-k\u00f3rban szenved\u0151 embern\u00e9l jelentkezik erythema migrans, felismer\u00e9se a korai diagn\u00f3zis \u00e9s kezel\u00e9s fontos eleme. [&hellip;]<\/p>","protected":false},"author":1,"featured_media":0,"parent":0,"menu_order":0,"comment_status":"closed","ping_status":"closed","template":"","meta":{"footnotes":""},"class_list":["post-797","page","type-page","status-publish","hentry"],"yoast_head":"<!-- This site is optimized with the Yoast SEO Premium plugin v26.2 (Yoast SEO v26.5) - https:\/\/yoast.com\/wordpress\/plugins\/seo\/ -->\n<title>Lyme-folt: T\u00e9nyek \u00e9s t\u00e9vhitek - DualDur<\/title>\n<meta name=\"robots\" content=\"noindex, follow, max-snippet:-1, max-image-preview:large, max-video-preview:-1\" \/>\n<meta property=\"og:locale\" content=\"es_ES\" \/>\n<meta property=\"og:type\" content=\"article\" \/>\n<meta property=\"og:title\" content=\"Lyme-folt: T\u00e9nyek \u00e9s t\u00e9vhitek\" \/>\n<meta property=\"og:description\" content=\"Mikor alakul ki az Erythema migrans, a b\u0151r\u00f6n k\u00f6rk\u00f6r\u00f6sen terjed\u0151 b\u0151rp\u00edr, kok\u00e1rda-szer\u0171 piros folt? Defin\u00edci\u00f3 El\u0151fordul\u00e1sa Diagn\u00f3zis Laborat\u00f3riumi tesztel\u00e9s Defin\u00edci\u00f3: Erythema migrans. A b\u0151r\u00f6n k\u00f6rk\u00f6r\u00f6sen terjed\u0151 b\u0151rp\u00edr, kok\u00e1rda-szer\u0171 piros folt. Lyme-folt. \u00a0A Lyme borreliosis fert\u0151z\u00e9s egyik legbiztosabb jele. B\u00e1r nem minden Lyme-k\u00f3rban szenved\u0151 embern\u00e9l jelentkezik erythema migrans, felismer\u00e9se a korai diagn\u00f3zis \u00e9s kezel\u00e9s fontos eleme. [&hellip;]\" \/>\n<meta property=\"og:url\" content=\"https:\/\/uj.dualdur.com\/es\/lyme-folt-tenyek-es-tevhitek\/\" \/>\n<meta property=\"og:site_name\" content=\"DualDur\" \/>\n<meta property=\"article:modified_time\" content=\"2025-11-03T06:29:34+00:00\" \/>\n<meta name=\"twitter:card\" content=\"summary_large_image\" \/>\n<meta name=\"twitter:label1\" content=\"Tiempo de lectura\" \/>\n\t<meta name=\"twitter:data1\" content=\"5 minutos\" \/>\n<script type=\"application\/ld+json\" class=\"yoast-schema-graph\">{\"@context\":\"https:\/\/schema.org\",\"@graph\":[{\"@type\":\"WebPage\",\"@id\":\"https:\/\/uj.dualdur.com\/lyme-folt-tenyek-es-tevhitek\/\",\"url\":\"https:\/\/uj.dualdur.com\/lyme-folt-tenyek-es-tevhitek\/\",\"name\":\"Lyme-folt: T\u00e9nyek \u00e9s t\u00e9vhitek - DualDur\",\"isPartOf\":{\"@id\":\"https:\/\/uj.dualdur.com\/#website\"},\"datePublished\":\"2025-04-22T22:08:54+00:00\",\"dateModified\":\"2025-11-03T06:29:34+00:00\",\"breadcrumb\":{\"@id\":\"https:\/\/uj.dualdur.com\/lyme-folt-tenyek-es-tevhitek\/#breadcrumb\"},\"inLanguage\":\"es\",\"potentialAction\":[{\"@type\":\"ReadAction\",\"target\":[\"https:\/\/uj.dualdur.com\/lyme-folt-tenyek-es-tevhitek\/\"]}]},{\"@type\":\"BreadcrumbList\",\"@id\":\"https:\/\/uj.dualdur.com\/lyme-folt-tenyek-es-tevhitek\/#breadcrumb\",\"itemListElement\":[{\"@type\":\"ListItem\",\"position\":1,\"name\":\"Kezd\u0151lap\",\"item\":\"https:\/\/uj.dualdur.com\/\"},{\"@type\":\"ListItem\",\"position\":2,\"name\":\"Lyme-folt: T\u00e9nyek \u00e9s t\u00e9vhitek\"}]},{\"@type\":\"WebSite\",\"@id\":\"https:\/\/uj.dualdur.com\/#website\",\"url\":\"https:\/\/uj.dualdur.com\/\",\"name\":\"DualDur\",\"description\":\"\",\"publisher\":{\"@id\":\"https:\/\/uj.dualdur.com\/#organization\"},\"potentialAction\":[{\"@type\":\"SearchAction\",\"target\":{\"@type\":\"EntryPoint\",\"urlTemplate\":\"https:\/\/uj.dualdur.com\/?s={search_term_string}\"},\"query-input\":{\"@type\":\"PropertyValueSpecification\",\"valueRequired\":true,\"valueName\":\"search_term_string\"}}],\"inLanguage\":\"es\"},{\"@type\":\"Organization\",\"@id\":\"https:\/\/uj.dualdur.com\/#organization\",\"name\":\"DualDur\",\"url\":\"https:\/\/uj.dualdur.com\/\",\"logo\":{\"@type\":\"ImageObject\",\"inLanguage\":\"es\",\"@id\":\"https:\/\/uj.dualdur.com\/#\/schema\/logo\/image\/\",\"url\":\"https:\/\/uj.dualdur.com\/wp-content\/uploads\/2025\/03\/dualdur-logo.png\",\"contentUrl\":\"https:\/\/uj.dualdur.com\/wp-content\/uploads\/2025\/03\/dualdur-logo.png\",\"width\":224,\"height\":56,\"caption\":\"DualDur\"},\"image\":{\"@id\":\"https:\/\/uj.dualdur.com\/#\/schema\/logo\/image\/\"}}]}<\/script>\n<!-- \/ Yoast SEO Premium plugin. -->","yoast_head_json":{"title":"Lyme-folt: T\u00e9nyek \u00e9s t\u00e9vhitek - DualDur","robots":{"index":"noindex","follow":"follow","max-snippet":"max-snippet:-1","max-image-preview":"max-image-preview:large","max-video-preview":"max-video-preview:-1"},"og_locale":"es_ES","og_type":"article","og_title":"Lyme-folt: T\u00e9nyek \u00e9s t\u00e9vhitek","og_description":"Mikor alakul ki az Erythema migrans, a b\u0151r\u00f6n k\u00f6rk\u00f6r\u00f6sen terjed\u0151 b\u0151rp\u00edr, kok\u00e1rda-szer\u0171 piros folt? Defin\u00edci\u00f3 El\u0151fordul\u00e1sa Diagn\u00f3zis Laborat\u00f3riumi tesztel\u00e9s Defin\u00edci\u00f3: Erythema migrans. A b\u0151r\u00f6n k\u00f6rk\u00f6r\u00f6sen terjed\u0151 b\u0151rp\u00edr, kok\u00e1rda-szer\u0171 piros folt. Lyme-folt. \u00a0A Lyme borreliosis fert\u0151z\u00e9s egyik legbiztosabb jele. B\u00e1r nem minden Lyme-k\u00f3rban szenved\u0151 embern\u00e9l jelentkezik erythema migrans, felismer\u00e9se a korai diagn\u00f3zis \u00e9s kezel\u00e9s fontos eleme. [&hellip;]","og_url":"https:\/\/uj.dualdur.com\/es\/lyme-folt-tenyek-es-tevhitek\/","og_site_name":"DualDur","article_modified_time":"2025-11-03T06:29:34+00:00","twitter_card":"summary_large_image","twitter_misc":{"Tiempo de lectura":"5 minutos"},"schema":{"@context":"https:\/\/schema.org","@graph":[{"@type":"WebPage","@id":"https:\/\/uj.dualdur.com\/lyme-folt-tenyek-es-tevhitek\/","url":"https:\/\/uj.dualdur.com\/lyme-folt-tenyek-es-tevhitek\/","name":"Lyme-folt: T\u00e9nyek \u00e9s t\u00e9vhitek - DualDur","isPartOf":{"@id":"https:\/\/uj.dualdur.com\/#website"},"datePublished":"2025-04-22T22:08:54+00:00","dateModified":"2025-11-03T06:29:34+00:00","breadcrumb":{"@id":"https:\/\/uj.dualdur.com\/lyme-folt-tenyek-es-tevhitek\/#breadcrumb"},"inLanguage":"es","potentialAction":[{"@type":"ReadAction","target":["https:\/\/uj.dualdur.com\/lyme-folt-tenyek-es-tevhitek\/"]}]},{"@type":"BreadcrumbList","@id":"https:\/\/uj.dualdur.com\/lyme-folt-tenyek-es-tevhitek\/#breadcrumb","itemListElement":[{"@type":"ListItem","position":1,"name":"Kezd\u0151lap","item":"https:\/\/uj.dualdur.com\/"},{"@type":"ListItem","position":2,"name":"Lyme-folt: T\u00e9nyek \u00e9s t\u00e9vhitek"}]},{"@type":"WebSite","@id":"https:\/\/uj.dualdur.com\/#website","url":"https:\/\/uj.dualdur.com\/","name":"DualDur","description":"","publisher":{"@id":"https:\/\/uj.dualdur.com\/#organization"},"potentialAction":[{"@type":"SearchAction","target":{"@type":"EntryPoint","urlTemplate":"https:\/\/uj.dualdur.com\/?s={search_term_string}"},"query-input":{"@type":"PropertyValueSpecification","valueRequired":true,"valueName":"search_term_string"}}],"inLanguage":"es"},{"@type":"Organization","@id":"https:\/\/uj.dualdur.com\/#organization","name":"DualDur","url":"https:\/\/uj.dualdur.com\/","logo":{"@type":"ImageObject","inLanguage":"es","@id":"https:\/\/uj.dualdur.com\/#\/schema\/logo\/image\/","url":"https:\/\/uj.dualdur.com\/wp-content\/uploads\/2025\/03\/dualdur-logo.png","contentUrl":"https:\/\/uj.dualdur.com\/wp-content\/uploads\/2025\/03\/dualdur-logo.png","width":224,"height":56,"caption":"DualDur"},"image":{"@id":"https:\/\/uj.dualdur.com\/#\/schema\/logo\/image\/"}}]}},"_links":{"self":[{"href":"https:\/\/uj.dualdur.com\/es\/wp-json\/wp\/v2\/pages\/797","targetHints":{"allow":["GET"]}}],"collection":[{"href":"https:\/\/uj.dualdur.com\/es\/wp-json\/wp\/v2\/pages"}],"about":[{"href":"https:\/\/uj.dualdur.com\/es\/wp-json\/wp\/v2\/types\/page"}],"author":[{"embeddable":true,"href":"https:\/\/uj.dualdur.com\/es\/wp-json\/wp\/v2\/users\/1"}],"replies":[{"embeddable":true,"href":"https:\/\/uj.dualdur.com\/es\/wp-json\/wp\/v2\/comments?post=797"}],"version-history":[{"count":39,"href":"https:\/\/uj.dualdur.com\/es\/wp-json\/wp\/v2\/pages\/797\/revisions"}],"predecessor-version":[{"id":1715,"href":"https:\/\/uj.dualdur.com\/es\/wp-json\/wp\/v2\/pages\/797\/revisions\/1715"}],"wp:attachment":[{"href":"https:\/\/uj.dualdur.com\/es\/wp-json\/wp\/v2\/media?parent=797"}],"curies":[{"name":"wp","href":"https:\/\/api.w.org\/{rel}","templated":true}]}}