{"id":790,"date":"2025-04-23T00:06:20","date_gmt":"2025-04-22T22:06:20","guid":{"rendered":"https:\/\/uj.dualdur.com\/?page_id=790"},"modified":"2025-11-03T07:30:13","modified_gmt":"2025-11-03T06:30:13","slug":"lyme-kor-es-tarsfertozesek-a-kullancs-kor","status":"publish","type":"page","link":"https:\/\/uj.dualdur.com\/es\/lyme-kor-es-tarsfertozesek-a-kullancs-kor\/","title":{"rendered":"Lyme-k\u00f3r \u00e9s t\u00e1rsfert\u0151z\u00e9sek, a &#8222;kullancs-k\u00f3r&#8221;"},"content":{"rendered":"<div data-elementor-type=\"wp-page\" data-elementor-id=\"790\" class=\"elementor elementor-790\" data-elementor-post-type=\"page\">\n\t\t\t\t<div class=\"elementor-element elementor-element-f543ed7 e-con-full e-flex e-con e-parent\" data-id=\"f543ed7\" data-element_type=\"container\" data-settings=\"{&quot;background_background&quot;:&quot;classic&quot;}\">\n\t\t\t\t<div class=\"elementor-element elementor-element-ff9096e elementor-align-center elementor-widget elementor-widget-breadcrumbs\" data-id=\"ff9096e\" data-element_type=\"widget\" data-widget_type=\"breadcrumbs.default\">\n\t\t\t\t<div class=\"elementor-widget-container\">\n\t\t\t\t\t<p id=\"breadcrumbs\"><span><span><a href=\"https:\/\/uj.dualdur.com\/es\/\">Kezd\u0151lap<\/a><\/span><\/span><\/p>\t\t\t\t<\/div>\n\t\t\t\t<\/div>\n\t\t\t\t<\/div>\n\t\t<div class=\"elementor-element elementor-element-21caa73b e-flex e-con-boxed e-con e-parent\" data-id=\"21caa73b\" data-element_type=\"container\">\n\t\t\t\t\t<div class=\"e-con-inner\">\n\t\t\t\t<div class=\"elementor-element elementor-element-10fbaa1c elementor-widget elementor-widget-text-editor\" data-id=\"10fbaa1c\" data-element_type=\"widget\" data-widget_type=\"text-editor.default\">\n\t\t\t\t<div class=\"elementor-widget-container\">\n\t\t\t\t\t\t\t\t\t<p><strong>A Lyme borreliosis \u00e9s t\u00e1rsfert\u0151z\u00e9sei<\/strong><\/p><div id=\"attachment_312\" class=\"wp-caption alignright\"><p id=\"caption-attachment-312\" class=\"wp-caption-text\">\u00a0<\/p><\/div><figure id=\"attachment_789\" aria-describedby=\"caption-attachment-789\" style=\"width: 347px\" class=\"wp-caption alignright\"><img decoding=\"async\" class=\"wp-image-789\" src=\"https:\/\/uj.dualdur.com\/wp-content\/uploads\/2025\/04\/Borrelia-fekv.jpg\" alt=\"\" width=\"347\" height=\"118\" srcset=\"https:\/\/uj.dualdur.com\/wp-content\/uploads\/2025\/04\/Borrelia-fekv.jpg 379w, https:\/\/uj.dualdur.com\/wp-content\/uploads\/2025\/04\/Borrelia-fekv-300x102.jpg 300w, https:\/\/uj.dualdur.com\/wp-content\/uploads\/2025\/04\/Borrelia-fekv-200x68.jpg 200w\" sizes=\"(max-width: 347px) 100vw, 347px\" \/><figcaption id=\"caption-attachment-789\" class=\"wp-caption-text\">Borrelia burgdorferi bakt\u00e9rium s\u00f6t\u00e9tl\u00e1t\u00f3teres k\u00e9pe<\/figcaption><\/figure><p>A\u00a0Lyme borreliosis, azaz a Lyme-k\u00f3r\u00a0vil\u00e1gszerte a leggyakoribb \u00e1llatr\u00f3l emberre terjed\u0151 fert\u0151z\u00e9s, \u00e9s egyben a leggyakoribb kullancs \u00e1ltal terjesztett bakteri\u00e1lis megbeteged\u00e9s. A betegs\u00e9g k\u00f3rokoz\u00f3ja a\u00a0Borrelia burgdorferi\u00a0nev\u0171 bakt\u00e9rium: egy igen mozg\u00e9kony, hull\u00e1mos alak\u00fa, Borrelia genusba sorolt bakt\u00e9rium, egy Spiroch\u00e9ta, ami kb. 15 mikrom\u00e9ter hossz\u00fa \u00e9s 0,2 mikrom\u00e9ter sz\u00e9les. Teflon-parazit\u00e1nak is emlegetik, mert felsz\u00edn\u00e9t k\u00fcl\u00f6nleges anyag burkolja, kev\u00e9s rajta a felsz\u00edni antig\u00e9n, ez\u00e9rt ahhoz alig kapcsol\u00f3dhat a szervezetet v\u00e9d\u0151 ellenanyag. Kezel\u00e9s n\u00e9lk\u00fcl \u00e9vekig \u00e9vtizedekig megb\u00fajhat a szervezetben. Ez rendk\u00edv\u00fcli alkalmazkod\u00e1sa \u00e9s kiv\u00e1l\u00f3 v\u00e9dekez\u0151k\u00e9pess\u00e9ge mellett vegetat\u00edv alakjainak, az \u00fan. gemm\u00e1knak is k\u00f6sz\u00f6nhet\u0151.<\/p><p><img fetchpriority=\"high\" decoding=\"async\" class=\"wp-image-1230 alignleft\" src=\"https:\/\/uj.dualdur.com\/wp-content\/uploads\/2025\/08\/kullancs5_focuspoint_760x570.jpg\" alt=\"\" width=\"405\" height=\"302\" srcset=\"https:\/\/uj.dualdur.com\/wp-content\/uploads\/2025\/08\/kullancs5_focuspoint_760x570.jpg 765w, https:\/\/uj.dualdur.com\/wp-content\/uploads\/2025\/08\/kullancs5_focuspoint_760x570-300x224.jpg 300w\" sizes=\"(max-width: 405px) 100vw, 405px\" \/>A\u00a0Lyme borreliosist a kullancsokb\u00f3l, a kullancs-cs\u00edp\u00e9skor keletkez\u0151 ny\u00edlt b\u0151rsebbe ker\u00fcl\u0151 bakt\u00e9riumok okozz\u00e1k. A k\u00f3rokoz\u00f3k a kullancsok k\u00f6z\u00e9pbel\u00e9ben h\u00f3napokig, \u00e9vekig is veget\u00e1lhatnak. A kullancs-cs\u00edp\u00e9s f\u00e1jdalmatlan, ez\u00e9rt a v\u00e9rsz\u00edv\u00e1s napokig tarthat \u00e9s az \u00edgy fert\u0151z\u0151d\u00f6tt v\u00e9r visszajuthat a sebbe, k\u00f6zvetlen\u00fcl a kiserekbe.<\/p><p>A Lyme borreliosis h\u00f3napok, de \u00e9vek, s\u0151t \u00e9vtizedek m\u00falt\u00e1n is megbeteg\u00edtheti b\u00e1rmely szerv\u00fcnket. A k\u00f3rokoz\u00f3 ugyanis a kering\u00e9ssel b\u00e1rhova eljuthat, \u00e9s alkalmas k\u00f6r\u00fclm\u00e9nyek k\u00f6z\u00f6tt, ha ellen\u00e1ll\u00e1sunk cs\u00f6kken, id\u00fclt jelleg\u0171 gyullad\u00e1st v\u00e1lt ki. Spont\u00e1n gy\u00f3gyul\u00e1sa nincs bizony\u00edtva, de gy\u00f3gyszerrel hat\u00e9konyan gy\u00f3gy\u00edthat\u00f3.<\/p><p>A betegs\u00e9g emberr\u0151l emberre jelen tud\u00e1sunk szerint nem terjed, beteg \u00e1llatr\u00f3l emberre kullancsok k\u00f6zvet\u00edt\u00e9s\u00e9vel jut \u00e1t. Kiv\u00e9telt k\u00e9pez az any\u00e1r\u00f3l-gyermekre t\u00f6rt\u00e9n\u0151 \u00e1tvitel, amely a m\u00e9hlep\u00e9nyen kereszt\u00fcl t\u00f6rt\u00e9nhet, \u00e9s a magzat fert\u0151z\u0151d\u00e9s\u00e9t okozhatja.<\/p><p>A korai \u00e9s diagn\u00f3zissal fel\u00e9r\u0151 \u00e9rt\u00e9k\u0171 b\u0151rgyullad\u00e1s, a Lyme-folt \u00e1ltal\u00e1ban kok\u00e1rdaszer\u0171en gy\u0171r\u0171s: gyulladt, \u00e9pnek l\u00e1tsz\u00f3 \u00e9s gy\u00f3gyul\u00f3 b\u0151rter\u00fcletek v\u00e1ltakozhatnak. Megjelenhet azonban ett\u0151l elt\u00e9r\u0151en, ink\u00e1bb lil\u00e1s sz\u00ednben, illetve nem mindig kok\u00e1rda mint\u00e1zatban. Van, hogy a nagy kiterjed\u00e9s miatt egy r\u00e9sze fed\u00e9sben van, p\u00e9ld\u00e1ul a haj alatt, \u00edgy neh\u00e9z meghat\u00e1rozni az alakj\u00e1t. A Lyme-folt napr\u00f3l-napra terjed.<\/p><p><img decoding=\"async\" class=\"wp-image-1535 alignright\" src=\"https:\/\/uj.dualdur.com\/wp-content\/uploads\/2025\/10\/lymekokarda_focuspoint_760x570.jpg\" alt=\"\" width=\"421\" height=\"313\" srcset=\"https:\/\/uj.dualdur.com\/wp-content\/uploads\/2025\/10\/lymekokarda_focuspoint_760x570.jpg 766w, https:\/\/uj.dualdur.com\/wp-content\/uploads\/2025\/10\/lymekokarda_focuspoint_760x570-300x223.jpg 300w\" sizes=\"(max-width: 421px) 100vw, 421px\" \/>A l\u00e9trej\u00f6tt fert\u0151z\u00e9s ellen\u00e9re a Lyme-folt kialakul\u00e1sa el is maradhat. K\u00f6r\u00fclbel\u00fcl az esetek egyharmad\u00e1ban alakul ki a b\u0151rgyullad\u00e1s, illetve veszi \u00e9szre azt a beteg.<\/p><p>A Lyme-k\u00f3r gyakran okoz id\u00fclt b\u0151rgyullad\u00e1st (sorvad\u00e1sos b\u0151rpusztul\u00e1st vagy b\u0151rhegesed\u00e9st), de az idegrendszert (ideggyullad\u00e1s, els\u0151sorban agyidegeken, agyh\u00e1rtya-, agyvel\u0151gyullad\u00e1s), az \u00edz\u00fcleti- \u00e9s az izomrendszert (f\u0151leg a nagy\u00edz\u00fcleteket, de a kis\u00edz\u00fcleteket is) \u00e9s a sz\u00edvet (sz\u00edvburokgyullad\u00e1s, ritmuszavar) is k\u00e1ros\u00edtja. Val\u00f3j\u00e1ban b\u00e1rmely szerv\u00fcnket \u00e9rintheti, hiszen az eg\u00e9sz szervezet betegs\u00e9ge. Ez\u00e9rt a Lyme-folt elm\u00fal\u00e1sa nem jelenti a Lyme borreliosis gy\u00f3gyul\u00e1s\u00e1t!<\/p><p>A Borrelia burgdorferi, a Lyme-k\u00f3r k\u00f3rokoz\u00f3ja sz\u00e1mos gy\u00f3gyszerre \u00e9rz\u00e9keny, sokf\u00e9le, Magyarorsz\u00e1gon is forgalmazott antibiotikummal kezelhet\u0151. A szakorvos meghat\u00e1rozza a bakt\u00e9rium egyes t\u00edpusait (alt\u00f6rzseit) \u00e9s azok elt\u00e9r\u0151 antibiotikum-\u00e9rz\u00e9kenys\u00e9g\u00e9t figyelembe veszi a kezel\u00e9si terv kialak\u00edt\u00e1s\u00e1n\u00e1l. A teljes gy\u00f3gyul\u00e1s f\u00fcgg a betegs\u00e9g min\u00e9l koraibb felismer\u00e9s\u00e9t\u0151l, a hat\u00e9kony, elegend\u0151 mennyis\u00e9g\u0171 \u00e9s a megfelel\u0151 ideig tart\u00f3, kombin\u00e1lt antibiotikus kezel\u00e9s alkalmaz\u00e1s\u00e1t\u00f3l, az id\u0151ben t\u00f6rt\u00e9nt esetleges ism\u00e9tl\u00e9st\u0151l. Jelen ismereteink szerint nincs olyan term\u00e9szetes alap\u00fa vagy gy\u00f3gyn\u00f6v\u00e9ny-k\u00fara, amely \u00f6nmag\u00e1ban is hat\u00e9konyan gy\u00f3gy\u00edtan\u00e1 a Lyme-k\u00f3rt.<\/p><div id=\"attachment_313\" class=\"wp-caption alignright\"><p id=\"caption-attachment-313\" class=\"wp-caption-text\">\u00a0<\/p><\/div><figure id=\"attachment_1588\" aria-describedby=\"caption-attachment-1588\" style=\"width: 300px\" class=\"wp-caption alignleft\"><img loading=\"lazy\" decoding=\"async\" class=\"wp-image-1588 size-full\" src=\"https:\/\/uj.dualdur.com\/wp-content\/uploads\/2025\/10\/Bartonella-Babesia-300x300-1.jpg\" alt=\"\" width=\"300\" height=\"300\" srcset=\"https:\/\/uj.dualdur.com\/wp-content\/uploads\/2025\/10\/Bartonella-Babesia-300x300-1.jpg 300w, https:\/\/uj.dualdur.com\/wp-content\/uploads\/2025\/10\/Bartonella-Babesia-300x300-1-150x150.jpg 150w\" sizes=\"(max-width: 300px) 100vw, 300px\" \/><figcaption id=\"caption-attachment-1588\" class=\"wp-caption-text\">T\u00e1rsfert\u0151z\u00e9sek<\/figcaption><\/figure><p>A Lyme borreliosis az eg\u00e9sz vil\u00e1gon minden\u00fctt, \u00e9s haz\u00e1nk eg\u00e9sz ter\u00fclet\u00e9n is a leggyakoribb zoon\u00f3zis, azaz \u00e1llatr\u00f3l emberre terjed\u0151 betegs\u00e9g. Sz\u00e1m\u00edt\u00e1saink szerint n\u00e1lunk n\u00e9h\u00e1ny sz\u00e1zezer, ak\u00e1r egymilli\u00f3 ember is szenvedhet a Lyme borreliosist\u00f3l. A friss statisztik\u00e1k szerint pedig m\u00e1r minden \u00f6t\u00f6dik ember tal\u00e1lkozott a k\u00f3rokoz\u00f3val. Eur\u00f3p\u00e1ban \u00e9vente legal\u00e1bb 650-850 ezer \u00faj fert\u0151z\u00e9s t\u00f6rt\u00e9nik (egyes becsl\u00e9sek szerint t\u00f6bb mint 2,5 milli\u00f3 is lehet), haz\u00e1nkban \u00e9vente ak\u00e1r h\u00faszezer. A Lyme-k\u00f3r legal\u00e1bb \u00f6tsz\u00f6r gyakoribb, mint az AIDS, \u00e9s m\u00e1sf\u00e9lszer gyakoribb, mint az eml\u0151r\u00e1k. Egyre gyakoribb diagn\u00f3zis, ez pedig annak k\u00f6sz\u00f6nhet\u0151, hogy n\u00f6vekszik a betegs\u00e9g ismerts\u00e9ge, de a kullancsok is egyre nagyobb ter\u00fcletet h\u00f3d\u00edtanak meg a kl\u00edmav\u00e1ltoz\u00e1snak k\u00f6sz\u00f6nhet\u0151en. Az enyh\u00e9bb id\u0151j\u00e1r\u00e1s \u00e9s a fagyok elmarad\u00e1sa miatt ugyanis t\u00f6bb kullancs \u00e9li t\u00fal a telet. Egyes kutat\u00e1sok szerint a fert\u0151z\u00f6tt kullancsok szelekt\u00edv el\u0151nyt \u00e9lveznek a kisebb fagyok t\u00fal\u00e9l\u00e9s\u00e9ben is.<\/p><p>Egy kullancs cs\u00edp\u00e9se sz\u00e1mos fert\u0151z\u00e9s kialakul\u00e1s\u00e1t vonhatja maga ut\u00e1n. Nemcsak a Lyme-k\u00f3r, de a kullancsok \u00e1ltal terjesztett egy\u00e9b bakteri\u00e1lis fert\u0151z\u00e9sek k\u00f3rokoz\u00f3i is terjedhetnek a cs\u00edp\u00e9ssel. A Lyme borreliosishoz \u00e9s a kullancs cs\u00edp\u00e9shez kapcsolhat\u00f3 t\u00e1rsfert\u0151z\u00e9sek, a Bartonella, a Babesia, az Anaplasma, az Ehrlichia, a Mycoplasma \u00e9s a Chlamydia a Lyme-k\u00f3rhoz hasonl\u00f3 t\u00fcneteket id\u00e9zhetnek el\u0151. Nagyon fontos, hogy tesztel\u00e9sekkel pontosan kider\u00fclj\u00f6n, hogy Lyme-k\u00f3r vagy valamelyik t\u00e1rsfert\u0151z\u00e9s van-e jelen, hogy azt\u00e1n a megfelel\u0151 kezel\u00e9s kezd\u0151dhessen a p\u00e1ciensn\u00e9l.<\/p>\t\t\t\t\t\t\t\t<\/div>\n\t\t\t\t<\/div>\n\t\t\t\t\t<\/div>\n\t\t\t\t<\/div>\n\t\t\t\t<\/div>","protected":false},"excerpt":{"rendered":"<p>A Lyme borreliosis \u00e9s t\u00e1rsfert\u0151z\u00e9sei \u00a0 A\u00a0Lyme borreliosis, azaz a Lyme-k\u00f3r\u00a0vil\u00e1gszerte a leggyakoribb \u00e1llatr\u00f3l emberre terjed\u0151 fert\u0151z\u00e9s, \u00e9s egyben a leggyakoribb kullancs \u00e1ltal terjesztett bakteri\u00e1lis megbeteged\u00e9s. A betegs\u00e9g k\u00f3rokoz\u00f3ja a\u00a0Borrelia burgdorferi\u00a0nev\u0171 bakt\u00e9rium: egy igen mozg\u00e9kony, hull\u00e1mos alak\u00fa, Borrelia genusba sorolt bakt\u00e9rium, egy Spiroch\u00e9ta, ami kb. 15 mikrom\u00e9ter hossz\u00fa \u00e9s 0,2 mikrom\u00e9ter sz\u00e9les. Teflon-parazit\u00e1nak is emlegetik, [&hellip;]<\/p>","protected":false},"author":1,"featured_media":0,"parent":0,"menu_order":0,"comment_status":"closed","ping_status":"closed","template":"","meta":{"footnotes":""},"class_list":["post-790","page","type-page","status-publish","hentry"],"yoast_head":"<!-- This site is optimized with the Yoast SEO Premium plugin v26.2 (Yoast SEO v26.5) - https:\/\/yoast.com\/wordpress\/plugins\/seo\/ -->\n<title>Lyme-k\u00f3r \u00e9s t\u00e1rsfert\u0151z\u00e9sek, a &quot;kullancs-k\u00f3r&quot; - DualDur<\/title>\n<meta name=\"robots\" content=\"noindex, follow, max-snippet:-1, max-image-preview:large, max-video-preview:-1\" \/>\n<meta property=\"og:locale\" content=\"es_ES\" \/>\n<meta property=\"og:type\" content=\"article\" \/>\n<meta property=\"og:title\" content=\"Lyme-k\u00f3r \u00e9s t\u00e1rsfert\u0151z\u00e9sek, a &quot;kullancs-k\u00f3r&quot;\" \/>\n<meta property=\"og:description\" content=\"A Lyme borreliosis \u00e9s t\u00e1rsfert\u0151z\u00e9sei \u00a0 A\u00a0Lyme borreliosis, azaz a Lyme-k\u00f3r\u00a0vil\u00e1gszerte a leggyakoribb \u00e1llatr\u00f3l emberre terjed\u0151 fert\u0151z\u00e9s, \u00e9s egyben a leggyakoribb kullancs \u00e1ltal terjesztett bakteri\u00e1lis megbeteged\u00e9s. A betegs\u00e9g k\u00f3rokoz\u00f3ja a\u00a0Borrelia burgdorferi\u00a0nev\u0171 bakt\u00e9rium: egy igen mozg\u00e9kony, hull\u00e1mos alak\u00fa, Borrelia genusba sorolt bakt\u00e9rium, egy Spiroch\u00e9ta, ami kb. 15 mikrom\u00e9ter hossz\u00fa \u00e9s 0,2 mikrom\u00e9ter sz\u00e9les. Teflon-parazit\u00e1nak is emlegetik, [&hellip;]\" \/>\n<meta property=\"og:url\" content=\"https:\/\/uj.dualdur.com\/es\/lyme-kor-es-tarsfertozesek-a-kullancs-kor\/\" \/>\n<meta property=\"og:site_name\" content=\"DualDur\" \/>\n<meta property=\"article:modified_time\" content=\"2025-11-03T06:30:13+00:00\" \/>\n<meta property=\"og:image\" content=\"https:\/\/uj.dualdur.com\/wp-content\/uploads\/2025\/04\/Borrelia-fekv.jpg\" \/>\n\t<meta property=\"og:image:width\" content=\"379\" \/>\n\t<meta property=\"og:image:height\" content=\"129\" \/>\n\t<meta property=\"og:image:type\" content=\"image\/jpeg\" \/>\n<meta name=\"twitter:card\" content=\"summary_large_image\" \/>\n<meta name=\"twitter:label1\" content=\"Tiempo de lectura\" \/>\n\t<meta name=\"twitter:data1\" content=\"5 minutos\" \/>\n<script type=\"application\/ld+json\" class=\"yoast-schema-graph\">{\"@context\":\"https:\/\/schema.org\",\"@graph\":[{\"@type\":\"WebPage\",\"@id\":\"https:\/\/uj.dualdur.com\/lyme-kor-es-tarsfertozesek-a-kullancs-kor\/\",\"url\":\"https:\/\/uj.dualdur.com\/lyme-kor-es-tarsfertozesek-a-kullancs-kor\/\",\"name\":\"Lyme-k\u00f3r \u00e9s t\u00e1rsfert\u0151z\u00e9sek, a \\\"kullancs-k\u00f3r\\\" - DualDur\",\"isPartOf\":{\"@id\":\"https:\/\/uj.dualdur.com\/#website\"},\"primaryImageOfPage\":{\"@id\":\"https:\/\/uj.dualdur.com\/lyme-kor-es-tarsfertozesek-a-kullancs-kor\/#primaryimage\"},\"image\":{\"@id\":\"https:\/\/uj.dualdur.com\/lyme-kor-es-tarsfertozesek-a-kullancs-kor\/#primaryimage\"},\"thumbnailUrl\":\"https:\/\/uj.dualdur.com\/wp-content\/uploads\/2025\/04\/Borrelia-fekv.jpg\",\"datePublished\":\"2025-04-22T22:06:20+00:00\",\"dateModified\":\"2025-11-03T06:30:13+00:00\",\"breadcrumb\":{\"@id\":\"https:\/\/uj.dualdur.com\/lyme-kor-es-tarsfertozesek-a-kullancs-kor\/#breadcrumb\"},\"inLanguage\":\"es\",\"potentialAction\":[{\"@type\":\"ReadAction\",\"target\":[\"https:\/\/uj.dualdur.com\/lyme-kor-es-tarsfertozesek-a-kullancs-kor\/\"]}]},{\"@type\":\"ImageObject\",\"inLanguage\":\"es\",\"@id\":\"https:\/\/uj.dualdur.com\/lyme-kor-es-tarsfertozesek-a-kullancs-kor\/#primaryimage\",\"url\":\"https:\/\/uj.dualdur.com\/wp-content\/uploads\/2025\/04\/Borrelia-fekv.jpg\",\"contentUrl\":\"https:\/\/uj.dualdur.com\/wp-content\/uploads\/2025\/04\/Borrelia-fekv.jpg\"},{\"@type\":\"BreadcrumbList\",\"@id\":\"https:\/\/uj.dualdur.com\/lyme-kor-es-tarsfertozesek-a-kullancs-kor\/#breadcrumb\",\"itemListElement\":[{\"@type\":\"ListItem\",\"position\":1,\"name\":\"Kezd\u0151lap\",\"item\":\"https:\/\/uj.dualdur.com\/\"},{\"@type\":\"ListItem\",\"position\":2,\"name\":\"Lyme-k\u00f3r \u00e9s t\u00e1rsfert\u0151z\u00e9sek, a &#8222;kullancs-k\u00f3r&#8221;\"}]},{\"@type\":\"WebSite\",\"@id\":\"https:\/\/uj.dualdur.com\/#website\",\"url\":\"https:\/\/uj.dualdur.com\/\",\"name\":\"DualDur\",\"description\":\"\",\"publisher\":{\"@id\":\"https:\/\/uj.dualdur.com\/#organization\"},\"potentialAction\":[{\"@type\":\"SearchAction\",\"target\":{\"@type\":\"EntryPoint\",\"urlTemplate\":\"https:\/\/uj.dualdur.com\/?s={search_term_string}\"},\"query-input\":{\"@type\":\"PropertyValueSpecification\",\"valueRequired\":true,\"valueName\":\"search_term_string\"}}],\"inLanguage\":\"es\"},{\"@type\":\"Organization\",\"@id\":\"https:\/\/uj.dualdur.com\/#organization\",\"name\":\"DualDur\",\"url\":\"https:\/\/uj.dualdur.com\/\",\"logo\":{\"@type\":\"ImageObject\",\"inLanguage\":\"es\",\"@id\":\"https:\/\/uj.dualdur.com\/#\/schema\/logo\/image\/\",\"url\":\"https:\/\/uj.dualdur.com\/wp-content\/uploads\/2025\/03\/dualdur-logo.png\",\"contentUrl\":\"https:\/\/uj.dualdur.com\/wp-content\/uploads\/2025\/03\/dualdur-logo.png\",\"width\":224,\"height\":56,\"caption\":\"DualDur\"},\"image\":{\"@id\":\"https:\/\/uj.dualdur.com\/#\/schema\/logo\/image\/\"}}]}<\/script>\n<!-- \/ Yoast SEO Premium plugin. -->","yoast_head_json":{"title":"Lyme-k\u00f3r \u00e9s t\u00e1rsfert\u0151z\u00e9sek, a \"kullancs-k\u00f3r\" - DualDur","robots":{"index":"noindex","follow":"follow","max-snippet":"max-snippet:-1","max-image-preview":"max-image-preview:large","max-video-preview":"max-video-preview:-1"},"og_locale":"es_ES","og_type":"article","og_title":"Lyme-k\u00f3r \u00e9s t\u00e1rsfert\u0151z\u00e9sek, a \"kullancs-k\u00f3r\"","og_description":"A Lyme borreliosis \u00e9s t\u00e1rsfert\u0151z\u00e9sei \u00a0 A\u00a0Lyme borreliosis, azaz a Lyme-k\u00f3r\u00a0vil\u00e1gszerte a leggyakoribb \u00e1llatr\u00f3l emberre terjed\u0151 fert\u0151z\u00e9s, \u00e9s egyben a leggyakoribb kullancs \u00e1ltal terjesztett bakteri\u00e1lis megbeteged\u00e9s. A betegs\u00e9g k\u00f3rokoz\u00f3ja a\u00a0Borrelia burgdorferi\u00a0nev\u0171 bakt\u00e9rium: egy igen mozg\u00e9kony, hull\u00e1mos alak\u00fa, Borrelia genusba sorolt bakt\u00e9rium, egy Spiroch\u00e9ta, ami kb. 15 mikrom\u00e9ter hossz\u00fa \u00e9s 0,2 mikrom\u00e9ter sz\u00e9les. Teflon-parazit\u00e1nak is emlegetik, [&hellip;]","og_url":"https:\/\/uj.dualdur.com\/es\/lyme-kor-es-tarsfertozesek-a-kullancs-kor\/","og_site_name":"DualDur","article_modified_time":"2025-11-03T06:30:13+00:00","og_image":[{"width":379,"height":129,"url":"https:\/\/uj.dualdur.com\/wp-content\/uploads\/2025\/04\/Borrelia-fekv.jpg","type":"image\/jpeg"}],"twitter_card":"summary_large_image","twitter_misc":{"Tiempo de lectura":"5 minutos"},"schema":{"@context":"https:\/\/schema.org","@graph":[{"@type":"WebPage","@id":"https:\/\/uj.dualdur.com\/lyme-kor-es-tarsfertozesek-a-kullancs-kor\/","url":"https:\/\/uj.dualdur.com\/lyme-kor-es-tarsfertozesek-a-kullancs-kor\/","name":"Lyme-k\u00f3r \u00e9s t\u00e1rsfert\u0151z\u00e9sek, a \"kullancs-k\u00f3r\" - DualDur","isPartOf":{"@id":"https:\/\/uj.dualdur.com\/#website"},"primaryImageOfPage":{"@id":"https:\/\/uj.dualdur.com\/lyme-kor-es-tarsfertozesek-a-kullancs-kor\/#primaryimage"},"image":{"@id":"https:\/\/uj.dualdur.com\/lyme-kor-es-tarsfertozesek-a-kullancs-kor\/#primaryimage"},"thumbnailUrl":"https:\/\/uj.dualdur.com\/wp-content\/uploads\/2025\/04\/Borrelia-fekv.jpg","datePublished":"2025-04-22T22:06:20+00:00","dateModified":"2025-11-03T06:30:13+00:00","breadcrumb":{"@id":"https:\/\/uj.dualdur.com\/lyme-kor-es-tarsfertozesek-a-kullancs-kor\/#breadcrumb"},"inLanguage":"es","potentialAction":[{"@type":"ReadAction","target":["https:\/\/uj.dualdur.com\/lyme-kor-es-tarsfertozesek-a-kullancs-kor\/"]}]},{"@type":"ImageObject","inLanguage":"es","@id":"https:\/\/uj.dualdur.com\/lyme-kor-es-tarsfertozesek-a-kullancs-kor\/#primaryimage","url":"https:\/\/uj.dualdur.com\/wp-content\/uploads\/2025\/04\/Borrelia-fekv.jpg","contentUrl":"https:\/\/uj.dualdur.com\/wp-content\/uploads\/2025\/04\/Borrelia-fekv.jpg"},{"@type":"BreadcrumbList","@id":"https:\/\/uj.dualdur.com\/lyme-kor-es-tarsfertozesek-a-kullancs-kor\/#breadcrumb","itemListElement":[{"@type":"ListItem","position":1,"name":"Kezd\u0151lap","item":"https:\/\/uj.dualdur.com\/"},{"@type":"ListItem","position":2,"name":"Lyme-k\u00f3r \u00e9s t\u00e1rsfert\u0151z\u00e9sek, a &#8222;kullancs-k\u00f3r&#8221;"}]},{"@type":"WebSite","@id":"https:\/\/uj.dualdur.com\/#website","url":"https:\/\/uj.dualdur.com\/","name":"DualDur","description":"","publisher":{"@id":"https:\/\/uj.dualdur.com\/#organization"},"potentialAction":[{"@type":"SearchAction","target":{"@type":"EntryPoint","urlTemplate":"https:\/\/uj.dualdur.com\/?s={search_term_string}"},"query-input":{"@type":"PropertyValueSpecification","valueRequired":true,"valueName":"search_term_string"}}],"inLanguage":"es"},{"@type":"Organization","@id":"https:\/\/uj.dualdur.com\/#organization","name":"DualDur","url":"https:\/\/uj.dualdur.com\/","logo":{"@type":"ImageObject","inLanguage":"es","@id":"https:\/\/uj.dualdur.com\/#\/schema\/logo\/image\/","url":"https:\/\/uj.dualdur.com\/wp-content\/uploads\/2025\/03\/dualdur-logo.png","contentUrl":"https:\/\/uj.dualdur.com\/wp-content\/uploads\/2025\/03\/dualdur-logo.png","width":224,"height":56,"caption":"DualDur"},"image":{"@id":"https:\/\/uj.dualdur.com\/#\/schema\/logo\/image\/"}}]}},"_links":{"self":[{"href":"https:\/\/uj.dualdur.com\/es\/wp-json\/wp\/v2\/pages\/790","targetHints":{"allow":["GET"]}}],"collection":[{"href":"https:\/\/uj.dualdur.com\/es\/wp-json\/wp\/v2\/pages"}],"about":[{"href":"https:\/\/uj.dualdur.com\/es\/wp-json\/wp\/v2\/types\/page"}],"author":[{"embeddable":true,"href":"https:\/\/uj.dualdur.com\/es\/wp-json\/wp\/v2\/users\/1"}],"replies":[{"embeddable":true,"href":"https:\/\/uj.dualdur.com\/es\/wp-json\/wp\/v2\/comments?post=790"}],"version-history":[{"count":27,"href":"https:\/\/uj.dualdur.com\/es\/wp-json\/wp\/v2\/pages\/790\/revisions"}],"predecessor-version":[{"id":1718,"href":"https:\/\/uj.dualdur.com\/es\/wp-json\/wp\/v2\/pages\/790\/revisions\/1718"}],"wp:attachment":[{"href":"https:\/\/uj.dualdur.com\/es\/wp-json\/wp\/v2\/media?parent=790"}],"curies":[{"name":"wp","href":"https:\/\/api.w.org\/{rel}","templated":true}]}}