{"version":"1.0","provider_name":"DualDur","provider_url":"https:\/\/uj.dualdur.com\/en","author_name":"apbozsik","author_url":"https:\/\/uj.dualdur.com\/en\/author\/apbozsik\/","title":"Autizmus \u00e9s lyme lehets\u00e9ges kapcsolata","type":"rich","width":600,"height":338,"html":"<blockquote class=\"wp-embedded-content\" data-secret=\"al0jjzh8O1\"><a href=\"https:\/\/uj.dualdur.com\/en\/autizmus-es-lyme-lehetseges-kapcsolata\/\">Possible connection between autism and Lyme disease<\/a><\/blockquote><iframe sandbox=\"allow-scripts\" security=\"restricted\" src=\"https:\/\/uj.dualdur.com\/en\/autizmus-es-lyme-lehetseges-kapcsolata\/embed\/#?secret=al0jjzh8O1\" width=\"600\" height=\"338\" title=\"&#8220;Autizmus \u00e9s lyme lehets\u00e9ges kapcsolata&#8221; &#8212; DualDur\" data-secret=\"al0jjzh8O1\" frameborder=\"0\" marginwidth=\"0\" marginheight=\"0\" scrolling=\"no\" class=\"wp-embedded-content\"><\/iframe><script>\n\/*! This file is auto-generated *\/\n!function(d,l){\"use strict\";l.querySelector&&d.addEventListener&&\"undefined\"!=typeof URL&&(d.wp=d.wp||{},d.wp.receiveEmbedMessage||(d.wp.receiveEmbedMessage=function(e){var t=e.data;if((t||t.secret||t.message||t.value)&&!\/[^a-zA-Z0-9]\/.test(t.secret)){for(var s,r,n,a=l.querySelectorAll('iframe[data-secret=\"'+t.secret+'\"]'),o=l.querySelectorAll('blockquote[data-secret=\"'+t.secret+'\"]'),c=new RegExp(\"^https?:$\",\"i\"),i=0;i<o.length;i++)o[i].style.display=\"none\";for(i=0;i<a.length;i++)s=a[i],e.source===s.contentWindow&&(s.removeAttribute(\"style\"),\"height\"===t.message?(1e3<(r=parseInt(t.value,10))?r=1e3:~~r<200&&(r=200),s.height=r):\"link\"===t.message&&(r=new URL(s.getAttribute(\"src\")),n=new URL(t.value),c.test(n.protocol))&&n.host===r.host&&l.activeElement===s&&(d.top.location.href=t.value))}},d.addEventListener(\"message\",d.wp.receiveEmbedMessage,!1),l.addEventListener(\"DOMContentLoaded\",function(){for(var e,t,s=l.querySelectorAll(\"iframe.wp-embedded-content\"),r=0;r<s.length;r++)(t=(e=s[r]).getAttribute(\"data-secret\"))||(t=Math.random().toString(36).substring(2,12),e.src+=\"#?secret=\"+t,e.setAttribute(\"data-secret\",t)),e.contentWindow.postMessage({message:\"ready\",secret:t},\"*\")},!1)))}(window,document);\n\/\/# sourceURL=https:\/\/uj.dualdur.com\/wp-includes\/js\/wp-embed.min.js\n<\/script>","description":"Az\u00a0autizmus spektrumzavar (ASD)\u00a0olyan neurol\u00f3giai zavarok gy\u0171jt\u0151neve, amik eset\u00e9n a kommunik\u00e1ci\u00f3 valamely aspektusa, a m\u00e1sokkal val\u00f3 kapcsolat kialak\u00edt\u00e1sa \u00e9s a k\u00f6rnyezet ingereire adott reakci\u00f3 nem megfelel\u0151. \u00a0B\u00e1r az ASD kialakul\u00e1s\u00e1nak konkr\u00e9t okai ismeretlenek, \u00fagy t\u0171nik, sz\u00e1mos faktor j\u00e1tszhat benne szerepet, mint p\u00e9ld\u00e1ul \u00f6r\u00f6kl\u00f6tt genetikai mint\u00e1zatok, vegyszerekkel, neh\u00e9zf\u00e9mekkel val\u00f3 \u00e9rintkez\u00e9s \u00e9s egyes biol\u00f3giai \u00e1gensek. Azt tal\u00e1lt\u00e1k, hogy [&hellip;]","thumbnail_url":"https:\/\/uj.dualdur.com\/wp-content\/uploads\/2025\/04\/pexels-leeloo-thefirst-7304845-200x300-1.jpg","thumbnail_width":200,"thumbnail_height":300}